{"id":1999,"date":"2023-11-29T17:46:24","date_gmt":"2023-11-29T17:46:24","guid":{"rendered":"https:\/\/wilke-marine.com\/weber-hafentrailer\/"},"modified":"2024-01-27T10:10:38","modified_gmt":"2024-01-27T10:10:38","slug":"weber-hafentrailer","status":"publish","type":"page","link":"https:\/\/wilke-marine.com\/fr\/weber-hafentrailer\/","title":{"rendered":"Weber Hafentrailer und Hubsysteme"},"content":{"rendered":"\t\t<div data-elementor-type=\"wp-page\" data-elementor-id=\"1999\" class=\"elementor elementor-1999 elementor-1025\" data-elementor-post-type=\"page\">\n\t\t\t\t<div class=\"elementor-element elementor-element-f9a8ca7 e-flex e-con-boxed e-con e-parent\" data-id=\"f9a8ca7\" data-element_type=\"container\" data-e-type=\"container\">\n\t\t\t\t\t<div class=\"e-con-inner\">\n\t\t\t\t<div class=\"elementor-element elementor-element-70ba5d3 elementor-widget elementor-widget-heading\" data-id=\"70ba5d3\" data-element_type=\"widget\" data-e-type=\"widget\" data-widget_type=\"heading.default\">\n\t\t\t\t<div class=\"elementor-widget-container\">\n\t\t\t\t\t<h1 class=\"elementor-heading-title elementor-size-default\">Hafentrailer de Weber<\/h1>\t\t\t\t<\/div>\n\t\t\t\t<\/div>\n\t\t\t\t<div class=\"elementor-element elementor-element-cde1888 elementor-widget elementor-widget-text-editor\" data-id=\"cde1888\" data-element_type=\"widget\" data-e-type=\"widget\" data-widget_type=\"text-editor.default\">\n\t\t\t\t<div class=\"elementor-widget-container\">\n\t\t\t\t\t\t\t\t\t<p>Le Hafentrailer vert et le syst\u00e8me Hub de Weber sont bien connus et disponibles pour la grande vitesse et la s\u00e9curit\u00e9 du d\u00e9marrage.<\/p>\n\t\t\t\t\t\t\t\t<\/div>\n\t\t\t\t<\/div>\n\t\t\t\t\t<\/div>\n\t\t\t\t<\/div>\n\t\t<div class=\"elementor-element elementor-element-d3c42c2 e-flex e-con-boxed e-con e-parent\" data-id=\"d3c42c2\" data-element_type=\"container\" data-e-type=\"container\" data-settings=\"{&quot;background_background&quot;:&quot;classic&quot;}\">\n\t\t\t\t\t<div class=\"e-con-inner\">\n\t\t<div class=\"elementor-element elementor-element-bd66e15 e-flex e-con-boxed e-con e-child\" data-id=\"bd66e15\" data-element_type=\"container\" data-e-type=\"container\" data-settings=\"{&quot;background_background&quot;:&quot;classic&quot;,&quot;position&quot;:&quot;absolute&quot;}\">\n\t\t\t\t\t<div class=\"e-con-inner\">\n\t\t<div class=\"elementor-element elementor-element-d93da50 e-flex e-con-boxed e-con e-child\" data-id=\"d93da50\" data-element_type=\"container\" data-e-type=\"container\">\n\t\t\t\t\t<div class=\"e-con-inner\">\n\t\t\t\t<div class=\"elementor-element elementor-element-e5dfb05 elementor-widget elementor-widget-heading\" data-id=\"e5dfb05\" data-element_type=\"widget\" data-e-type=\"widget\" data-widget_type=\"heading.default\">\n\t\t\t\t<div class=\"elementor-widget-container\">\n\t\t\t\t\t<h1 class=\"elementor-heading-title elementor-size-default\">Strassen- und Hafentrailer<\/h1>\t\t\t\t<\/div>\n\t\t\t\t<\/div>\n\t\t\t\t<div class=\"elementor-element elementor-element-2c44201 elementor-widget elementor-widget-text-editor\" data-id=\"2c44201\" data-element_type=\"widget\" data-e-type=\"widget\" data-widget_type=\"text-editor.default\">\n\t\t\t\t<div class=\"elementor-widget-container\">\n\t\t\t\t\t\t\t\t\t<p>Zuverl\u00e4ssige Trailer et Hubsysteme pour le transport de bottes<\/p>\n\t\t\t\t\t\t\t\t<\/div>\n\t\t\t\t<\/div>\n\t\t\t\t\t<\/div>\n\t\t\t\t<\/div>\n\t\t\t\t\t<\/div>\n\t\t\t\t<\/div>\n\t\t\t\t\t<\/div>\n\t\t\t\t<\/div>\n\t\t<div class=\"elementor-element elementor-element-08a8008 e-flex e-con-boxed e-con e-parent\" data-id=\"08a8008\" data-element_type=\"container\" data-e-type=\"container\">\n\t\t\t\t\t<div class=\"e-con-inner\">\n\t\t<div class=\"elementor-element elementor-element-1b5f3bc e-flex e-con-boxed e-con e-child\" data-id=\"1b5f3bc\" data-element_type=\"container\" data-e-type=\"container\">\n\t\t\t\t\t<div class=\"e-con-inner\">\n\t\t<div class=\"elementor-element elementor-element-896c7ec e-con-full e-flex e-con e-child\" data-id=\"896c7ec\" data-element_type=\"container\" data-e-type=\"container\">\n\t\t\t\t<div class=\"elementor-element elementor-element-af54ba7 elementor-widget elementor-widget-image\" data-id=\"af54ba7\" data-element_type=\"widget\" data-e-type=\"widget\" data-widget_type=\"image.default\">\n\t\t\t\t<div class=\"elementor-widget-container\">\n\t\t\t\t\t\t\t\t\t\t\t\t\t\t\t<img alt=\"\" fetchpriority=\"high\" decoding=\"async\" width=\"600\" height=\"167\" src=\"https:\/\/wilke-marine.com\/wp-content\/uploads\/2023\/11\/weber-logo.png\" class=\"attachment-full size-full wp-image-1733\" alt=\"\" srcset=\"https:\/\/wilke-marine.com\/wp-content\/uploads\/2023\/11\/weber-logo.png 600w, https:\/\/wilke-marine.com\/wp-content\/uploads\/2023\/11\/weber-logo-300x84.png 300w\" sizes=\"(max-width: 600px) 100vw, 600px\" \/>\t\t\t\t\t\t\t\t\t\t\t\t\t\t\t<\/div>\n\t\t\t\t<\/div>\n\t\t\t\t<div class=\"elementor-element elementor-element-c3156bb elementor-widget elementor-widget-image\" data-id=\"c3156bb\" data-element_type=\"widget\" data-e-type=\"widget\" data-widget_type=\"image.default\">\n\t\t\t\t<div class=\"elementor-widget-container\">\n\t\t\t\t\t\t\t\t\t\t\t\t\t\t\t<img alt=\"\" decoding=\"async\" width=\"900\" height=\"400\" src=\"https:\/\/wilke-marine.com\/wp-content\/uploads\/2023\/11\/weber-hydraulisches-hubsystem.jpg\" class=\"attachment-full size-full wp-image-1732\" alt=\"\" srcset=\"https:\/\/wilke-marine.com\/wp-content\/uploads\/2023\/11\/weber-hydraulisches-hubsystem.jpg 900w, https:\/\/wilke-marine.com\/wp-content\/uploads\/2023\/11\/weber-hydraulisches-hubsystem-300x133.jpg.webp 300w, https:\/\/wilke-marine.com\/wp-content\/uploads\/2023\/11\/weber-hydraulisches-hubsystem-768x341.jpg.webp 768w\" sizes=\"(max-width: 900px) 100vw, 900px\" \/>\t\t\t\t\t\t\t\t\t\t\t\t\t\t\t<\/div>\n\t\t\t\t<\/div>\n\t\t\t\t<\/div>\n\t\t<div class=\"elementor-element elementor-element-c80a9dd e-con-full e-flex e-con e-child\" data-id=\"c80a9dd\" data-element_type=\"container\" data-e-type=\"container\">\n\t\t\t\t<div class=\"elementor-element elementor-element-dbee757 elementor-widget elementor-widget-text-editor\" data-id=\"dbee757\" data-element_type=\"widget\" data-e-type=\"widget\" data-widget_type=\"text-editor.default\">\n\t\t\t\t<div class=\"elementor-widget-container\">\n\t\t\t\t\t\t\t\t\t<p>La soci\u00e9t\u00e9 Weber est une entreprise familiale de taille moyenne avec son si\u00e8ge \u00e0 Bodman am Bodensee. Zum Produktspektrum z\u00e4hlen <a title=\"Link zu Hafentrailer von Weber\" href=\"https:\/\/www.hafentrailer.de\/\" target=\"_blank\" rel=\"noopener noreferrer\">Hafentrailer<\/a> et <a title= \"Lien vers le Weber Strassentrailer\" href=\"https:\/\/www.hafentrailer.de\/de\/100kmh_Motorboot.html\" target=\"_blank\" rel=\"noopener noreferrer\">Strassentrailer<\/a>, sowie <a href=\"https :\/\/www.hafentrailer.de\/de\/hubsysteme.html\">syst\u00e8me de moyeu hydraulique<\/a> pour le transport de bottes.<\/p>\n<p>Lien partenaire :  <a title=\"Lien vers Weber, Bodman am Bodensee\" href= \"https:\/\/www.weber-bodman.de\/\" target=\"_blank\" rel=\"noopener noreferrer\">https:\/\/www.weber-bodman.de\/<\/a><\/p>\n\t\t\t\t\t\t\t\t<\/div>\n\t\t\t\t<\/div>\n\t\t\t\t<\/div>\n\t\t\t\t\t<\/div>\n\t\t\t\t<\/div>\n\t\t\t\t\t<\/div>\n\t\t\t\t<\/div>\n\t\t<div class=\"elementor-element elementor-element-cc776ab e-flex e-con-boxed e-con e-parent\" data-id=\"cc776ab\" data-element_type=\"container\" data-e-type=\"container\">\n\t\t\t\t\t<div class=\"e-con-inner\">\n\t\t\t\t<div class=\"elementor-element elementor-element-1567192 elementor-align-center elementor-widget elementor-widget-button\" data-id=\"1567192\" data-element_type=\"widget\" data-e-type=\"widget\" data-widget_type=\"button.default\">\n\t\t\t\t<div class=\"elementor-widget-container\">\n\t\t\t\t\t\t\t\t\t<div class=\"elementor-button-wrapper\">\n\t\t\t\t\t<a class=\"elementor-button elementor-button-link elementor-size-sm\" href=\"https:\/\/wilke-marine.com\/fr\/contact\/\">\n\t\t\t\t\t\t<span class=\"elementor-button-content-wrapper\">\n\t\t\t\t\t\t\t\t\t<span class=\"elementor-button-text\">Prenez contact avec nous<\/span>\n\t\t\t\t\t<\/span>\n\t\t\t\t\t<\/a>\n\t\t\t\t<\/div>\n\t\t\t\t\t\t\t\t<\/div>\n\t\t\t\t<\/div>\n\t\t\t\t\t<\/div>\n\t\t\t\t<\/div>\n\t\t\t\t<\/div>\n\t\t","protected":false},"excerpt":{"rendered":"<p>Hafentrailer de Weber Le Hafentrailer vert et le syst\u00e8me Hub de Weber sont bien connus et disponibles pour la grande vitesse et la s\u00e9curit\u00e9 du d\u00e9marrage. Strassen- und Hafentrailer Zuverl\u00e4ssige Trailer et Hubsysteme pour le transport de bottes La soci\u00e9t\u00e9 Weber est une entreprise familiale de taille moyenne avec son si\u00e8ge \u00e0 Bodman am Bodensee. [&hellip;]<\/p>\n","protected":false},"author":1,"featured_media":0,"parent":0,"menu_order":0,"comment_status":"closed","ping_status":"closed","template":"","meta":{"_seopress_robots_primary_cat":"","_seopress_titles_title":"","_seopress_titles_desc":"","_seopress_robots_index":"","footnotes":""},"class_list":["post-1999","page","type-page","status-publish","hentry"],"jetpack_sharing_enabled":true,"_links":{"self":[{"href":"https:\/\/wilke-marine.com\/fr\/wp-json\/wp\/v2\/pages\/1999","targetHints":{"allow":["GET"]}}],"collection":[{"href":"https:\/\/wilke-marine.com\/fr\/wp-json\/wp\/v2\/pages"}],"about":[{"href":"https:\/\/wilke-marine.com\/fr\/wp-json\/wp\/v2\/types\/page"}],"author":[{"embeddable":true,"href":"https:\/\/wilke-marine.com\/fr\/wp-json\/wp\/v2\/users\/1"}],"replies":[{"embeddable":true,"href":"https:\/\/wilke-marine.com\/fr\/wp-json\/wp\/v2\/comments?post=1999"}],"version-history":[{"count":5,"href":"https:\/\/wilke-marine.com\/fr\/wp-json\/wp\/v2\/pages\/1999\/revisions"}],"predecessor-version":[{"id":2474,"href":"https:\/\/wilke-marine.com\/fr\/wp-json\/wp\/v2\/pages\/1999\/revisions\/2474"}],"wp:attachment":[{"href":"https:\/\/wilke-marine.com\/fr\/wp-json\/wp\/v2\/media?parent=1999"}],"curies":[{"name":"wp","href":"https:\/\/api.w.org\/{rel}","templated":true}]}}